{"id":17567,"date":"2026-03-29T21:10:12","date_gmt":"2026-03-29T19:10:12","guid":{"rendered":"https:\/\/www.cti-commission.fr\/?page_id=17567"},"modified":"2026-03-29T22:55:38","modified_gmt":"2026-03-29T20:55:38","slug":"criteres-et-procedures-bachelor-en-sciences-et-ingenierie-v2","status":"publish","type":"page","link":"https:\/\/www.cti-commission.fr\/en\/criteres-et-procedures-bachelor-en-sciences-et-ingenierie-v2","title":{"rendered":"Titre Fran\u00e7ais"},"content":{"rendered":"<\/p>\n<!-- \/wp:post-content -->\n\n<!-- wp:heading -->\n<h2 class=\"wp-block-heading\">Le grade de Licence pour les dipl\u00f4mes de Bachelor des \u00e9coles d\u2019ing\u00e9nieurs accr\u00e9dit\u00e9es<\/h2>\n<!-- \/wp:heading -->\n\n<!-- wp:paragraph -->\n<p>L\u2019<a href=\"https:\/\/www.cti-commission.fr\/wp-content\/uploads\/2020\/05\/CTI_Bachelor_Arrete_Licence_Master_20200225.pdf\">arr\u00eat\u00e9 du 27 janvier 2020 relatif au cahier des charges des grades universitaires<\/a>&nbsp;d\u00e9crit le cahier des charges pour l\u2019attribution des grades acad\u00e9miques de licence et de master.<br>En 2020, le minist\u00e8re charg\u00e9 de l\u2019enseignement sup\u00e9rieur a accept\u00e9 de conf\u00e9rer le grade acad\u00e9mique de licence \u00e0 des dipl\u00f4mes d\u2019\u00e9tablissement de niveau bac+3, appel\u00e9s \u00ab Bachelor \u00bb, sous r\u00e9serve d\u2019une \u00e9valuation externe qui valide la conformit\u00e9 des formations au cahier des charges du d\u00e9cret.<br>Le minist\u00e8re a confi\u00e9 \u00e0 la CTI l\u2019\u00e9valuation des formations de Bachelor propos\u00e9es par les \u00e9coles d\u2019ing\u00e9nieurs accr\u00e9dit\u00e9es.<\/p>\n<!-- \/wp:paragraph -->\n\n<!-- wp:heading {\"level\":4} -->\n<h4 class=\"wp-block-heading\">Nouveaux projets<\/h4>\n<!-- \/wp:heading -->\n\n<!-- wp:paragraph -->\n<p>Pour les&nbsp;<strong>nouvelles&nbsp;demandes<\/strong>&nbsp;(nouveaux dipl\u00f4mes, voies d\u2019acc\u00e8s \u00e0 un dipl\u00f4me existant, nouveau site\u2026), les \u00e9coles sont invit\u00e9es depuis cette ann\u00e9e \u00e0 effectuer la saisie de leur&nbsp;<strong>lettre d\u2019intention&nbsp;<\/strong>sur la plateforme du MESR&nbsp;<strong>\u00ab&nbsp;FRESQ&nbsp;\u00bb<\/strong>. Les \u00e9coles pourront se connecter \u00e0 \u00ab&nbsp;FRESQ&nbsp;\u00bb entre le&nbsp;<strong>5 mai et le 30 mai 202<\/strong>6 afin d\u2019y indiquer les formations qu\u2019elles souhaitent soumettre en vue d\u2019une accr\u00e9ditation pour la&nbsp;<strong>rentr\u00e9e 2028.<\/strong><\/p>\n<!-- \/wp:paragraph -->\n\n<!-- wp:paragraph -->\n<p>Le mod\u00e8le de lettre d\u2019intention est t\u00e9l\u00e9chargeable&nbsp;<a href=\"https:\/\/www.cti-commission.fr\/wp-content\/uploads\/2025\/04\/Guide_Lettre_intention_Bachelor2025.docx\">ici.<\/a><\/p>\n<!-- \/wp:paragraph -->\n\n<!-- wp:heading {\"level\":4} -->\n<h4 class=\"wp-block-heading\"><strong>Le calendrier d\u2019\u00e9valuation pr\u00e9visionnel de la campagne 2026-202<\/strong>7<\/h4>\n<!-- \/wp:heading -->\n\n<!-- wp:list -->\n<ul class=\"wp-block-list\"><!-- wp:list-item -->\n<li><strong>04 mai 2026&nbsp;:<\/strong><!-- wp:list -->\n<ul class=\"wp-block-list\"><!-- wp:list-item -->\n<li>D\u00e9p\u00f4t du complet de demande du grade de licence<\/li>\n<!-- \/wp:list-item --><\/ul>\n<!-- \/wp:list --><\/li>\n<!-- \/wp:list-item -->\n\n<!-- wp:list-item -->\n<li><strong>Juin \u00e0 septembre 2026 &nbsp;:<\/strong><!-- wp:list -->\n<ul class=\"wp-block-list\"><!-- wp:list-item -->\n<li>Visites d\u2019audit de l\u2019\u00e9quipe des auditeurs<\/li>\n<!-- \/wp:list-item --><\/ul>\n<!-- \/wp:list --><\/li>\n<!-- \/wp:list-item -->\n\n<!-- wp:list-item -->\n<li><strong>Septembre \u00e0 novembre 2026&nbsp;:<\/strong><!-- wp:list -->\n<ul class=\"wp-block-list\"><!-- wp:list-item -->\n<li>Pr\u00e9sentation des dossiers \u00e0 la s\u00e9ance pl\u00e9ni\u00e8re de la CTI<\/li>\n<!-- \/wp:list-item --><\/ul>\n<!-- \/wp:list --><\/li>\n<!-- \/wp:list-item -->\n\n<!-- wp:list-item -->\n<li><strong>D\u00e9cembre 2026&nbsp;:<\/strong><!-- wp:list -->\n<ul class=\"wp-block-list\"><!-- wp:list-item -->\n<li>Approbation des avis \u00e0 la s\u00e9ance pl\u00e9ni\u00e8re de d\u00e9cembre<\/li>\n<!-- \/wp:list-item -->\n\n<!-- wp:list-item -->\n<li>Information orale des \u00e9coles par le rapporteur principal<\/li>\n<!-- \/wp:list-item -->\n\n<!-- wp:list-item -->\n<li>Edition des avis et envoi aux \u00e9coles et \u00e0 la DGESIP<\/li>\n<!-- \/wp:list-item --><\/ul>\n<!-- \/wp:list --><\/li>\n<!-- \/wp:list-item -->\n\n<!-- wp:list-item -->\n<li><strong>Janvier 2027 :<\/strong><!-- wp:list -->\n<ul class=\"wp-block-list\"><!-- wp:list-item -->\n<li>Passage au CNESER du projet d\u2019arr\u00eat\u00e9<\/li>\n<!-- \/wp:list-item -->\n\n<!-- wp:list-item -->\n<li>Notification des r\u00e9sultats aux \u00e9coles par la DGESIP<\/li>\n<!-- \/wp:list-item -->\n\n<!-- wp:list-item -->\n<li>Inscription des formations dans Parcoursup<\/li>\n<!-- \/wp:list-item -->\n\n<!-- wp:list-item -->\n<li>Publication des avis et rapports de mission de la CTI sur son site et dans la base de donn\u00e9es europ\u00e9enne DEQAR<\/li>\n<!-- \/wp:list-item --><\/ul>\n<!-- \/wp:list --><\/li>\n<!-- \/wp:list-item -->\n\n<!-- wp:list-item -->\n<li><strong>Septembre 2027&nbsp;:<\/strong><!-- wp:list -->\n<ul class=\"wp-block-list\"><!-- wp:list-item -->\n<li>Rentr\u00e9e des formations pouvant se pr\u00e9valoir du grade de licence<\/li>\n<!-- \/wp:list-item --><\/ul>\n<!-- \/wp:list --><\/li>\n<!-- \/wp:list-item --><\/ul>\n<!-- \/wp:list -->\n\n<!-- wp:heading {\"level\":4} -->\n<h4 class=\"wp-block-heading\">Les documents de r\u00e9f\u00e9rence de la CTI<\/h4>\n<!-- \/wp:heading -->\n\n<!-- wp:paragraph -->\n<p>Le&nbsp;<strong>r\u00e9f\u00e9rentiel Bachelor 202<\/strong>6 de la CTI, qui compl\u00e8te les crit\u00e8res du grade, est accessible en cliquant&nbsp;<a href=\"https:\/\/www.cti-commission.fr\/wp-content\/uploads\/2026\/03\/Bachelor_Referentiel_2026_VD.pdf\" target=\"_blank\" rel=\"noreferrer noopener\">ici.<\/a><\/p>\n<!-- \/wp:paragraph -->\n\n<!-- wp:paragraph -->\n<p>La&nbsp;<strong>proc\u00e9dure d\u2019\u00e9valuation<\/strong>&nbsp;<strong>202<\/strong>6 en vue de l\u2019attribution du grade de licence aux formations de Bachelor des \u00e9coles d\u2019ing\u00e9nieurs sera bient\u00f4t disponible.<\/p>\n<!-- \/wp:paragraph -->\n\n<!-- wp:paragraph -->\n<p>Afin de rationaliser les noms officiels des dipl\u00f4mes et assurer leur lisibilit\u00e9 dans le temps ainsi que leur reconnaissance internationale, la CTI pr\u00e9cise les r\u00e8gles de constitution des intitul\u00e9s de sp\u00e9cialit\u00e9s du titre d\u2019ing\u00e9nieur et des dipl\u00f4mes de bachelor en sciences et ing\u00e9nierie. L\u2019intitul\u00e9 des dipl\u00f4mes doit exister en langue fran\u00e7aise; la version anglaise est utile pour le label europ\u00e9en EUR-ACE. La&nbsp;<strong>d\u00e9lib\u00e9ration listant les intitul\u00e9s de dipl\u00f4mes<\/strong>&nbsp;est accessible en cliquant&nbsp;<a href=\"https:\/\/www.cti-commission.fr\/wp-content\/uploads\/2025\/04\/Revision_Deliberation_intitules_diplomes_ingenieur_bsi_2025-1.pdf\" target=\"_blank\" rel=\"noreferrer noopener\">ici.<\/a><\/p>\n<!-- \/wp:paragraph -->\n\n<!-- wp:paragraph -->\n<p>En 2024, afin de r\u00e9diger leur&nbsp;<strong>dossier d\u2019auto\u00e9valuation<\/strong>&nbsp;en vue de de l\u2019attribution du grade de licence \u00e0 une formation de Bachelor, il suffit que les \u00e9coles d\u2019ing\u00e9nieurs suivent la structure du r\u00e9f\u00e9rentiel qui donne toutes les informations n\u00e9cessaires \u00e0 la r\u00e9daction. Les annexes sont disponibles ci-dessous en format Excel et Word :<br>\u2013&nbsp;<a href=\"https:\/\/www.cti-commission.fr\/wp-content\/uploads\/2025\/04\/Bachelor_Annexes_Word_2025.docx\">Annexes 1 \u00e0 6<\/a>, en format Word<br>\u2013<a href=\"https:\/\/www.cti-commission.fr\/wp-content\/uploads\/2025\/03\/Bachelor_Annexe_3_Excel_2025.xlsx\">&nbsp;Annexe 3<\/a>, maquette p\u00e9dagogique, en format Excel.<\/p>\n<!-- \/wp:paragraph -->\n\n<!-- wp:heading {\"level\":4} -->\n<h4 class=\"wp-block-heading\">Le label grade de licence<\/h4>\n<!-- \/wp:heading -->\n\n<!-- wp:paragraph -->\n<p>Les \u00e9coles peuvent communiquer avec le label grade de licence du minist\u00e8re charg\u00e9 de l\u2019enseignement sup\u00e9rieur pour les formations ayant obtenu le grade sous r\u00e9serve de respecter le guide d\u2019utilisation des labels qui peut \u00eatre t\u00e9l\u00e9charg\u00e9 par ce&nbsp;<a href=\"https:\/\/www.cti-commission.fr\/wp-content\/uploads\/2021\/11\/Labels_MESRI_parcours_labels_ID_02.pdf\" target=\"_blank\" rel=\"noreferrer noopener\">lien<\/a>.<\/p>\n<!-- \/wp:paragraph -->\n\n<!-- wp:image {\"id\":11915} -->\n<figure class=\"wp-block-image\"><img loading=\"lazy\" decoding=\"async\" width=\"260\" height=\"300\" src=\"https:\/\/www.cti-commission.fr\/wp-content\/uploads\/2021\/11\/LABEL_grade-licence-1-260x300.png\" alt=\"\" class=\"wp-image-11915\" srcset=\"https:\/\/www.cti-commission.fr\/wp-content\/uploads\/2021\/11\/LABEL_grade-licence-1-260x300.png 260w, https:\/\/www.cti-commission.fr\/wp-content\/uploads\/2021\/11\/LABEL_grade-licence-1.png 600w\" sizes=\"auto, (max-width: 260px) 85vw, 260px\" \/><\/figure>\n<!-- \/wp:image -->\n\n<!-- wp:separator -->\n<hr class=\"wp-block-separator has-alpha-channel-opacity\"\/>\n<!-- \/wp:separator -->\n\n<!-- wp:paragraph -->\n<p><strong>N.B. :<br>\u2192 Le r\u00e9f\u00e9rentiel et la proc\u00e9dure Bachelor de la CTI s\u2019appliquent exclusivement aux formations propos\u00e9es par des \u00e9coles d\u2019ing\u00e9nieurs d\u00e9j\u00e0 accr\u00e9dit\u00e9es par ailleurs \u00e0 d\u00e9livrer le titre d\u2019ing\u00e9nieur dipl\u00f4m\u00e9.<br>\u2192 Par Bachelor on entend les dipl\u00f4mes d\u2019\u00e9tablissement (qui peuvent obtenir le grade de licence \u00e0 l\u2019issue de la proc\u00e9dure d\u2019\u00e9valuation d\u00e9crite ici) qui sont diff\u00e9rents des dipl\u00f4mes nationaux de licence et licence professionnelle dont les modalit\u00e9s d\u2019\u00e9valuation restent inchang\u00e9es.<\/strong><\/p>\n<!-- \/wp:paragraph -->\n\n<!-- wp:paragraph -->\n<p>","protected":false},"excerpt":{"rendered":"<p>Le grade de Licence pour les dipl\u00f4mes de Bachelor des \u00e9coles d\u2019ing\u00e9nieurs accr\u00e9dit\u00e9es L\u2019arr\u00eat\u00e9 du 27 janvier 2020 relatif au cahier des charges des grades universitaires&nbsp;d\u00e9crit le cahier des charges &hellip; <a href=\"https:\/\/www.cti-commission.fr\/en\/criteres-et-procedures-bachelor-en-sciences-et-ingenierie-v2\" class=\"more-link\">Continue reading<span class=\"screen-reader-text\"> &#8220;Titre Fran\u00e7ais&#8221;<\/span><\/a><\/p>\n","protected":false},"author":1,"featured_media":0,"parent":0,"menu_order":0,"comment_status":"closed","ping_status":"closed","template":"","meta":{"_price":"","_stock":"","_tribe_ticket_header":"","_tribe_default_ticket_provider":"","_tribe_ticket_capacity":"0","_ticket_start_date":"","_ticket_end_date":"","_tribe_ticket_show_description":"","_tribe_ticket_show_not_going":false,"_tribe_ticket_use_global_stock":"","_tribe_ticket_global_stock_level":"","_global_stock_mode":"","_global_stock_cap":"","_tribe_rsvp_for_event":"","_tribe_ticket_going_count":"","_tribe_ticket_not_going_count":"","_tribe_tickets_list":"[]","_tribe_ticket_has_attendee_info_fields":false,"footnotes":""},"class_list":["post-17567","page","type-page","status-publish","hentry"],"translation":{"provider":"WPGlobus","version":"3.0.2","language":"en","enabled_languages":["fr","en"],"languages":{"fr":{"title":true,"content":true,"excerpt":false},"en":{"title":false,"content":false,"excerpt":false}}},"_links":{"self":[{"href":"https:\/\/www.cti-commission.fr\/en\/wp-json\/wp\/v2\/pages\/17567","targetHints":{"allow":["GET"]}}],"collection":[{"href":"https:\/\/www.cti-commission.fr\/en\/wp-json\/wp\/v2\/pages"}],"about":[{"href":"https:\/\/www.cti-commission.fr\/en\/wp-json\/wp\/v2\/types\/page"}],"author":[{"embeddable":true,"href":"https:\/\/www.cti-commission.fr\/en\/wp-json\/wp\/v2\/users\/1"}],"replies":[{"embeddable":true,"href":"https:\/\/www.cti-commission.fr\/en\/wp-json\/wp\/v2\/comments?post=17567"}],"version-history":[{"count":20,"href":"https:\/\/www.cti-commission.fr\/en\/wp-json\/wp\/v2\/pages\/17567\/revisions"}],"predecessor-version":[{"id":17599,"href":"https:\/\/www.cti-commission.fr\/en\/wp-json\/wp\/v2\/pages\/17567\/revisions\/17599"}],"wp:attachment":[{"href":"https:\/\/www.cti-commission.fr\/en\/wp-json\/wp\/v2\/media?parent=17567"}],"curies":[{"name":"wp","href":"https:\/\/api.w.org\/{rel}","templated":true}]}}